{"id":16090,"date":"2025-03-18T05:12:24","date_gmt":"2025-03-18T05:12:24","guid":{"rendered":"http:\/\/localhost\/consalt\/?page_id=3"},"modified":"2026-07-26T21:18:50","modified_gmt":"2026-07-26T19:18:50","slug":"impressum","status":"publish","type":"page","link":"https:\/\/kanzlei-schueler.de\/de_de\/impressum\/","title":{"rendered":"<center>Impressum<\/center>"},"content":{"rendered":"\t\t<div data-elementor-type=\"wp-page\" data-elementor-id=\"16090\" class=\"elementor elementor-16090\">\n\t\t\t\t<div class=\"elementor-element elementor-element-6020b95b e-flex e-con-boxed e-con e-parent\" data-id=\"6020b95b\" data-element_type=\"container\" data-e-type=\"container\">\n\t\t\t\t\t<div class=\"e-con-inner\">\n\t\t\t\t<div class=\"elementor-element elementor-element-25b45b45 elementor-widget elementor-widget-text-editor\" data-id=\"25b45b45\" data-element_type=\"widget\" data-e-type=\"widget\" data-widget_type=\"text-editor.default\">\n\t\t\t\t\t\t\t\t\t\n<div class=\"section-title-wrapper margin-bottom-40 text-center shortcode-rand-4 counsell-inline-css\">\n<div class=\"title-wrap\"><span class=\"sub-title\">Angaben gem. \u00a7 5 TMG<\/span>\n<h2 class=\"section-title wp-block-heading\">Impressum<\/h2>\n<\/div>\n<div class=\"section-description\">Verena Sch\u00fcler<br \/>Rechtsanw\u00e4ltin \u00b7 Fachanw\u00e4ltin f\u00fcr Steuerrecht\u00a0 \u00b7 Fachanw\u00e4ltin f\u00fcr Medizinrecht<br \/>Magistra Rerum Fiscalium \u00b7\u00a0Master of Laws\u00a0\u00b7 Master of\u00a0Advanced Studies\u00a0(International Tax Law)<br \/><br \/><\/div>\n<\/div>\n<div class=\"wpb_text_column wpb_content_element \">\n<div class=\"wpb_wrapper\">\n<h4><b>Angaben zum Unternehmen<br \/><br \/><\/b><\/h4>\n<p>Hauptsitz<br \/>Steuerb\u00fcro und Anwaltskanzlei Sch\u00fcler<br \/>Wasserweg 2, 64521 Gro\u00df-Gerau<\/p>\n<h4><b>Kontakt<\/b><\/h4>\n<center>\n<p>Telefon: 0 61\u00a052 &#8211; 806 8312<br \/><a class=\"cm_anchor\" href=\"mailto:info@kanzlei-schueler.de\">info@kanzlei-schueler.de<\/a><\/p>\n<h4><b>Umsatzsteuer-ID<\/b><\/h4>\n<p>DE215936852<\/p>\n<h4><b>Verantwortlich f\u00fcr redaktionelle Inhalte nach \u00a7 55 Abs. 2 RStV<\/b><\/h4>\n<p>Verena Sch\u00fcler<br \/>Quellenangaben f\u00fcr die verwendeten Bilder und Grafiken:<br \/>pixabay.com<\/p>\n<h4><b>Technische Umsetzung und Betreuung<br \/><\/b><\/h4>\n<p>erfolgt durch Kangaroo-IT (Lukas Jozefaciuk) | (<a href=\"https:\/\/www.Kangaroo-it.de\">Kangaroo IT<\/a>)<br \/><br \/><\/p>\n<p>Zust\u00e4ndige Aufsichtsbeh\u00f6rde:<br \/>Rechtsanwaltskammer Frankfurt<br \/><a class=\"cm_anchor\" href=\"http:\/\/www.rechtsanwaltskammer-ffm.de\/\" target=\"_blank\" rel=\"noreferrer noopener\">www.rechtsanwaltskammer-ffm.de<\/a><br \/><br \/>Plattform der EU-Kommission zur Online-Streitbeilegung:<\/p>\n<p data-prosemirror-content-type=\"node\" data-prosemirror-node-name=\"paragraph\" data-prosemirror-node-block=\"true\"><span class=\"inlineCardView-content-wrap inlineNodeView\" data-prosemirror-content-type=\"node\" data-prosemirror-node-name=\"inlineCard\" data-prosemirror-node-inline=\"true\"><span class=\"card\" aria-busy=\"true\"><a href=\"http:\/\/ec.europa.eu\/consumers\/odr\/\" data-inline-card=\"\" data-card-data=\"\">http:\/\/ec.europa.eu\/consumers\/odr\/<\/a><\/span><\/span><\/p>\n<p data-prosemirror-content-type=\"node\" data-prosemirror-node-name=\"paragraph\" data-prosemirror-node-block=\"true\"><strong data-prosemirror-content-type=\"mark\" data-prosemirror-mark-name=\"strong\">Information nach dem Verbraucherstreitbeilegungsgesetz: Es besteht keine Verpflichtung und keine Bereitschaft zur Teilnahme an einem Streitbeilegungsverfahren vor einer Verbraucherschlichtungsstelle.<\/strong><br \/><br \/>Die Berufsbezeichnung Rechtsanwalt wurde in der Bundesrepublik Deutschland (Bundesland: Hessen) erworben.<br \/><br \/>Der Berufstand der Rechtsanw\u00e4lte unterliegt im Wesentlichen den nachstehenden gesetzlichen Regelungen:<\/p>\n<ul>\n<li>Bundesrechtsanwaltsordnung (BRAO)<\/li>\n<li>Bundesrechtsanwaltsgeb\u00fchrenordnung (BRAGO)<\/li>\n<li>Gesetz \u00fcber die Verg\u00fctung der Rechtsanw\u00e4ltinnen und Rechtsanw\u00e4lte (Rechtsanwaltsverg\u00fctungsgesetz &#8211; RVG)<\/li>\n<li>Berufsordnung f\u00fcr Rechtsanw\u00e4lte (BORA)<\/li>\n<\/ul>\n<p>Die berufsrechtlichen Regelungen finden Sie auch auf der Homepage der Bundesrechtsanwaltskammer <br \/>(<a class=\"cm_anchor\" href=\"http:\/\/www.brak.de\/fuer-anwaelte\/berufsrecht\/\" target=\"_blank\" rel=\"noreferrer noopener\">http:\/\/www.brak.de\/fuer-anwaelte\/berufsrecht\/<\/a>).\u00a0\u00a0<\/p>\n<p>Berufshaftpflichtversicherung:<br \/>Gothaer Allgemeine Versicherung AG<br \/>Gothaer Allee 1<br \/>50969 K\u00f6ln<\/p>\n<p>Geltungsbereich der Versicherung:\u00a0Deutschland und Europa<\/p>\n<\/center><\/div>\n<\/div>\t\t\t\t\t\t\t\t<\/div>\n\t\t\t\t\t<\/div>\n\t\t\t\t<\/div>\n\t\t\t\t<\/div>\n\t\t","protected":false},"excerpt":{"rendered":"<p>Angaben gem. \u00a7 5 TMG Impressum Verena Sch\u00fclerRechtsanw\u00e4ltin \u00b7 Fachanw\u00e4ltin f\u00fcr Steuerrecht\u00a0 \u00b7 Fachanw\u00e4ltin f\u00fcr MedizinrechtMagistra Rerum Fiscalium \u00b7\u00a0Master of Laws\u00a0\u00b7 Master of\u00a0Advanced Studies\u00a0(International Tax Law) Angaben zum Unternehmen HauptsitzSteuerb\u00fcro und Anwaltskanzlei Sch\u00fclerWasserweg 2, 64521 Gro\u00df-Gerau Kontakt Telefon: 0 61\u00a052 &#8211; 806 8312info@kanzlei-schueler.de Umsatzsteuer-ID DE215936852 Verantwortlich f\u00fcr redaktionelle Inhalte nach \u00a7 55 Abs. 2 RStV [&hellip;]<\/p>\n","protected":false},"author":2,"featured_media":0,"parent":0,"menu_order":0,"comment_status":"closed","ping_status":"closed","template":"","meta":{"footnotes":""},"class_list":["post-16090","page","type-page","status-publish","hentry"],"yoast_head":"<!-- This site is optimized with the Yoast SEO plugin v28.4 - https:\/\/yoast.com\/product\/yoast-seo-wordpress\/ -->\n<title>Impressum | Sch\u00fcler Gro\u00df-Gerau \u2013 Rechtliche Informationen<\/title>\n<meta name=\"description\" content=\"Impressum von Sch\u00fcler in Gro\u00df-Gerau mit allen gesetzlich vorgeschriebenen Angaben Kontaktdaten Verantwortlichkeiten und rechtliche Infos\" \/>\n<meta name=\"robots\" content=\"index, follow, max-snippet:-1, max-image-preview:large, max-video-preview:-1\" \/>\n<link rel=\"canonical\" href=\"https:\/\/kanzlei-schueler.de\/de_de\/impressum\/\" \/>\n<meta property=\"og:locale\" content=\"de_DE\" \/>\n<meta property=\"og:type\" content=\"article\" \/>\n<meta property=\"og:title\" content=\"Impressum | Sch\u00fcler Gro\u00df-Gerau \u2013 Rechtliche Informationen\" \/>\n<meta property=\"og:description\" content=\"Impressum von Sch\u00fcler in Gro\u00df-Gerau mit allen gesetzlich vorgeschriebenen Angaben Kontaktdaten Verantwortlichkeiten und rechtliche Infos\" \/>\n<meta property=\"og:url\" content=\"https:\/\/kanzlei-schueler.de\/de_de\/impressum\/\" \/>\n<meta property=\"og:site_name\" content=\"Fachanwalt in Steuer und Medizinrecht - Verena Sch\u00fcler in Gro\u00df-Gerau | Steuerb\u00fcro | Steuerkanzlei\" \/>\n<meta property=\"article:modified_time\" content=\"2026-07-26T19:18:50+00:00\" \/>\n<meta name=\"twitter:card\" content=\"summary_large_image\" \/>\n<meta name=\"twitter:label1\" content=\"Gesch\u00e4tzte Lesezeit\" \/>\n\t<meta name=\"twitter:data1\" content=\"2\u00a0Minuten\" \/>\n<script type=\"application\/ld+json\" class=\"yoast-schema-graph\">{\"@context\":\"https:\\\/\\\/schema.org\",\"@graph\":[{\"@type\":\"WebPage\",\"@id\":\"https:\\\/\\\/kanzlei-schueler.de\\\/de_de\\\/impressum\\\/\",\"url\":\"https:\\\/\\\/kanzlei-schueler.de\\\/de_de\\\/impressum\\\/\",\"name\":\"Impressum | Sch\u00fcler Gro\u00df-Gerau \u2013 Rechtliche Informationen\",\"isPartOf\":{\"@id\":\"https:\\\/\\\/kanzlei-schueler.de\\\/#website\"},\"datePublished\":\"2025-03-18T05:12:24+00:00\",\"dateModified\":\"2026-07-26T19:18:50+00:00\",\"description\":\"Impressum von Sch\u00fcler in Gro\u00df-Gerau mit allen gesetzlich vorgeschriebenen Angaben Kontaktdaten Verantwortlichkeiten und rechtliche Infos\",\"breadcrumb\":{\"@id\":\"https:\\\/\\\/kanzlei-schueler.de\\\/de_de\\\/impressum\\\/#breadcrumb\"},\"inLanguage\":\"de\",\"potentialAction\":[{\"@type\":\"ReadAction\",\"target\":[\"https:\\\/\\\/kanzlei-schueler.de\\\/de_de\\\/impressum\\\/\"]}]},{\"@type\":\"BreadcrumbList\",\"@id\":\"https:\\\/\\\/kanzlei-schueler.de\\\/de_de\\\/impressum\\\/#breadcrumb\",\"itemListElement\":[{\"@type\":\"ListItem\",\"position\":1,\"name\":\"Start\",\"item\":\"https:\\\/\\\/kanzlei-schueler.de\\\/de_de\\\/\"},{\"@type\":\"ListItem\",\"position\":2,\"name\":\"Impressum\"}]},{\"@type\":\"WebSite\",\"@id\":\"https:\\\/\\\/kanzlei-schueler.de\\\/#website\",\"url\":\"https:\\\/\\\/kanzlei-schueler.de\\\/\",\"name\":\"Kanzlei Sch\u00fcler in Gro\u00df-Gerau | Startseite\",\"description\":\"Fachanwalt in Steuer und Medizinrecht - Verena Sch\u00fcler in Gro\u00df-Gerau | Steuerb\u00fcro | Steuerkanzlei \",\"potentialAction\":[{\"@type\":\"SearchAction\",\"target\":{\"@type\":\"EntryPoint\",\"urlTemplate\":\"https:\\\/\\\/kanzlei-schueler.de\\\/?s={search_term_string}\"},\"query-input\":{\"@type\":\"PropertyValueSpecification\",\"valueRequired\":true,\"valueName\":\"search_term_string\"}}],\"inLanguage\":\"de\"}]}<\/script>\n<!-- \/ Yoast SEO plugin. -->","yoast_head_json":{"title":"Impressum | Sch\u00fcler Gro\u00df-Gerau \u2013 Rechtliche Informationen","description":"Impressum von Sch\u00fcler in Gro\u00df-Gerau mit allen gesetzlich vorgeschriebenen Angaben Kontaktdaten Verantwortlichkeiten und rechtliche Infos","robots":{"index":"index","follow":"follow","max-snippet":"max-snippet:-1","max-image-preview":"max-image-preview:large","max-video-preview":"max-video-preview:-1"},"canonical":"https:\/\/kanzlei-schueler.de\/de_de\/impressum\/","og_locale":"de_DE","og_type":"article","og_title":"Impressum | Sch\u00fcler Gro\u00df-Gerau \u2013 Rechtliche Informationen","og_description":"Impressum von Sch\u00fcler in Gro\u00df-Gerau mit allen gesetzlich vorgeschriebenen Angaben Kontaktdaten Verantwortlichkeiten und rechtliche Infos","og_url":"https:\/\/kanzlei-schueler.de\/de_de\/impressum\/","og_site_name":"Fachanwalt in Steuer und Medizinrecht - Verena Sch\u00fcler in Gro\u00df-Gerau | Steuerb\u00fcro | Steuerkanzlei","article_modified_time":"2026-07-26T19:18:50+00:00","twitter_card":"summary_large_image","twitter_misc":{"Gesch\u00e4tzte Lesezeit":"2\u00a0Minuten"},"schema":{"@context":"https:\/\/schema.org","@graph":[{"@type":"WebPage","@id":"https:\/\/kanzlei-schueler.de\/de_de\/impressum\/","url":"https:\/\/kanzlei-schueler.de\/de_de\/impressum\/","name":"Impressum | Sch\u00fcler Gro\u00df-Gerau \u2013 Rechtliche Informationen","isPartOf":{"@id":"https:\/\/kanzlei-schueler.de\/#website"},"datePublished":"2025-03-18T05:12:24+00:00","dateModified":"2026-07-26T19:18:50+00:00","description":"Impressum von Sch\u00fcler in Gro\u00df-Gerau mit allen gesetzlich vorgeschriebenen Angaben Kontaktdaten Verantwortlichkeiten und rechtliche Infos","breadcrumb":{"@id":"https:\/\/kanzlei-schueler.de\/de_de\/impressum\/#breadcrumb"},"inLanguage":"de","potentialAction":[{"@type":"ReadAction","target":["https:\/\/kanzlei-schueler.de\/de_de\/impressum\/"]}]},{"@type":"BreadcrumbList","@id":"https:\/\/kanzlei-schueler.de\/de_de\/impressum\/#breadcrumb","itemListElement":[{"@type":"ListItem","position":1,"name":"Start","item":"https:\/\/kanzlei-schueler.de\/de_de\/"},{"@type":"ListItem","position":2,"name":"Impressum"}]},{"@type":"WebSite","@id":"https:\/\/kanzlei-schueler.de\/#website","url":"https:\/\/kanzlei-schueler.de\/","name":"Kanzlei Sch\u00fcler in Gro\u00df-Gerau | Startseite","description":"Fachanwalt in Steuer und Medizinrecht - Verena Sch\u00fcler in Gro\u00df-Gerau | Steuerb\u00fcro | Steuerkanzlei ","potentialAction":[{"@type":"SearchAction","target":{"@type":"EntryPoint","urlTemplate":"https:\/\/kanzlei-schueler.de\/?s={search_term_string}"},"query-input":{"@type":"PropertyValueSpecification","valueRequired":true,"valueName":"search_term_string"}}],"inLanguage":"de"}]}},"jetpack_sharing_enabled":true,"_links":{"self":[{"href":"https:\/\/kanzlei-schueler.de\/de_de\/wp-json\/wp\/v2\/pages\/16090","targetHints":{"allow":["GET"]}}],"collection":[{"href":"https:\/\/kanzlei-schueler.de\/de_de\/wp-json\/wp\/v2\/pages"}],"about":[{"href":"https:\/\/kanzlei-schueler.de\/de_de\/wp-json\/wp\/v2\/types\/page"}],"author":[{"embeddable":true,"href":"https:\/\/kanzlei-schueler.de\/de_de\/wp-json\/wp\/v2\/users\/2"}],"replies":[{"embeddable":true,"href":"https:\/\/kanzlei-schueler.de\/de_de\/wp-json\/wp\/v2\/comments?post=16090"}],"version-history":[{"count":10,"href":"https:\/\/kanzlei-schueler.de\/de_de\/wp-json\/wp\/v2\/pages\/16090\/revisions"}],"predecessor-version":[{"id":18518,"href":"https:\/\/kanzlei-schueler.de\/de_de\/wp-json\/wp\/v2\/pages\/16090\/revisions\/18518"}],"wp:attachment":[{"href":"https:\/\/kanzlei-schueler.de\/de_de\/wp-json\/wp\/v2\/media?parent=16090"}],"curies":[{"name":"wp","href":"https:\/\/api.w.org\/{rel}","templated":true}]}}